{"id":3,"date":"2024-09-19T14:17:08","date_gmt":"2024-09-19T12:17:08","guid":{"rendered":"http:\/\/blog.gutheiligenfelde.de\/?page_id=3"},"modified":"2024-10-22T10:38:03","modified_gmt":"2024-10-22T08:38:03","slug":"datenschutzerklaerung","status":"publish","type":"page","link":"https:\/\/www.gutheiligenfelde.de\/wordpress\/datenschutzerklaerung\/","title":{"rendered":"Datenschutzerkl\u00e4rung"},"content":{"rendered":"<h1>Datenschutzerkl\u00e4rung<\/h1>\n<h2 id=\"m716\">Pr\u00e4ambel<\/h2>\n<p>Mit der folgenden Datenschutzerkl\u00e4rung m\u00f6chten wir Sie dar\u00fcber aufkl\u00e4ren, welche Arten Ihrer personenbezogenen Daten (nachfolgend auch kurz als &#8222;Daten&#8220; bezeichnet) wir zu welchen Zwecken und in welchem Umfang verarbeiten. Die Datenschutzerkl\u00e4rung gilt f\u00fcr alle von uns durchgef\u00fchrten Verarbeitungen personenbezogener Daten, sowohl im Rahmen der Erbringung unserer Leistungen als auch insbesondere auf unseren Webseiten, in mobilen Applikationen sowie innerhalb externer Onlinepr\u00e4senzen, wie z.\u00a0B. unserer Social-Media-Profile (nachfolgend zusammenfassend bezeichnet als &#8222;Onlineangebot&#8220;).<\/p>\n<p>Die verwendeten Begriffe sind nicht geschlechtsspezifisch.<\/p>\n<p>Stand: 22. Oktober 2024<\/p>\n<h2>Inhalts\u00fcbersicht<\/h2>\n<ul class=\"index\">\n<li><a class=\"index-link\" href=\"#m716\">Pr\u00e4ambel<\/a><\/li>\n<li><a class=\"index-link\" href=\"#m3\">Verantwortlicher<\/a><\/li>\n<li><a class=\"index-link\" href=\"#mOverview\">\u00dcbersicht der Verarbeitungen<\/a><\/li>\n<li><a class=\"index-link\" href=\"#m2427\">Ma\u00dfgebliche Rechtsgrundlagen<\/a><\/li>\n<li><a class=\"index-link\" href=\"#m12\">Allgemeine Informationen zur Datenspeicherung und L\u00f6schung<\/a><\/li>\n<li><a class=\"index-link\" href=\"#m354\">Wahrnehmung von Aufgaben nach Satzung oder Gesch\u00e4ftsordnung<\/a><\/li>\n<li><a class=\"index-link\" href=\"#m225\">Bereitstellung des Onlineangebots und Webhosting<\/a><\/li>\n<li><a class=\"index-link\" href=\"#m136\">Pr\u00e4senzen in sozialen Netzwerken (Social Media)<\/a><\/li>\n<li><a class=\"index-link\" href=\"#m328\">Plug-ins und eingebettete Funktionen sowie Inhalte<\/a><\/li>\n<\/ul>\n<h2 id=\"m3\">Verantwortlicher<\/h2>\n<p>Franz Vogel <br \/>Gesang- und Theaterverein Hlf<br \/>Am Schwarzen Meer 11a<br \/>Syke-Heiligenfelde<\/p>\n<p>Vertretungsberechtigte Personen: Franz Vogel <\/p>\n<p>E-Mail-Adresse: <a href=\"mailto:franz.vogel@gmail.com\">franz.vogel@gmail.com<\/a><\/p>\n<h2 id=\"mOverview\">\u00dcbersicht der Verarbeitungen<\/h2>\n<p>Die nachfolgende \u00dcbersicht fasst die Arten der verarbeiteten Daten und die Zwecke ihrer Verarbeitung zusammen und verweist auf die betroffenen Personen.<\/p>\n<h3>Arten der verarbeiteten Daten<\/h3>\n<ul>\n<li>Bestandsdaten.<\/li>\n<li>Zahlungsdaten.<\/li>\n<li>Kontaktdaten.<\/li>\n<li>Inhaltsdaten.<\/li>\n<li>Vertragsdaten.<\/li>\n<li>Nutzungsdaten.<\/li>\n<li>Meta-, Kommunikations- und Verfahrensdaten.<\/li>\n<li>Protokolldaten.<\/li>\n<li>Mitgliederdaten.<\/li>\n<\/ul>\n<h3>Kategorien betroffener Personen<\/h3>\n<ul>\n<li>Interessenten.<\/li>\n<li>Kommunikationspartner.<\/li>\n<li>Nutzer.<\/li>\n<li>Mitglieder.<\/li>\n<\/ul>\n<h3>Zwecke der Verarbeitung<\/h3>\n<ul>\n<li>Kommunikation.<\/li>\n<li>Organisations- und Verwaltungsverfahren.<\/li>\n<li>Feedback.<\/li>\n<li>Bereitstellung unseres Onlineangebotes und Nutzerfreundlichkeit.<\/li>\n<li>Informationstechnische Infrastruktur.<\/li>\n<li>\u00d6ffentlichkeitsarbeit und Informationszwecke.<\/li>\n<li>\u00d6ffentlichkeitsarbeit.<\/li>\n<li>Gesch\u00e4ftsprozesse und betriebswirtschaftliche Verfahren.<\/li>\n<\/ul>\n<h2 id=\"m2427\">Ma\u00dfgebliche Rechtsgrundlagen<\/h2>\n<p><strong>Ma\u00dfgebliche Rechtsgrundlagen nach der DSGVO: <\/strong>Im Folgenden erhalten Sie eine \u00dcbersicht der Rechtsgrundlagen der DSGVO, auf deren Basis wir personenbezogene Daten verarbeiten. Bitte nehmen Sie zur Kenntnis, dass neben den Regelungen der DSGVO nationale Datenschutzvorgaben in Ihrem bzw. unserem Wohn- oder Sitzland gelten k\u00f6nnen. Sollten ferner im Einzelfall speziellere Rechtsgrundlagen ma\u00dfgeblich sein, teilen wir Ihnen diese in der Datenschutzerkl\u00e4rung mit.<\/p>\n<ul>\n<li><strong>Einwilligung (Art. 6 Abs. 1 S. 1 lit. a) DSGVO)<\/strong> &#8211; Die betroffene Person hat ihre Einwilligung in die Verarbeitung der sie betreffenden personenbezogenen Daten f\u00fcr einen spezifischen Zweck oder mehrere bestimmte Zwecke gegeben.<\/li>\n<li><strong>Rechtliche Verpflichtung (Art. 6 Abs. 1 S. 1 lit. c) DSGVO)<\/strong> &#8211; Die Verarbeitung ist zur Erf\u00fcllung einer rechtlichen Verpflichtung erforderlich, der der Verantwortliche unterliegt.<\/li>\n<li><strong>Berechtigte Interessen (Art. 6 Abs. 1 S. 1 lit. f) DSGVO)<\/strong> &#8211; die Verarbeitung ist zur Wahrung der berechtigten Interessen des Verantwortlichen oder eines Dritten notwendig, vorausgesetzt, dass die Interessen, Grundrechte und Grundfreiheiten der betroffenen Person, die den Schutz personenbezogener Daten verlangen, nicht \u00fcberwiegen.<\/li>\n<li>Vertrag \u00fcber die Mitgliedschaft (Satzung) (Art. 6 Abs. 1 S. 1 lit. b) DSGVO).<\/li>\n<\/ul>\n<p><strong>Nationale Datenschutzregelungen in Deutschland: <\/strong>Zus\u00e4tzlich zu den Datenschutzregelungen der DSGVO gelten nationale Regelungen zum Datenschutz in Deutschland. Hierzu geh\u00f6rt insbesondere das Gesetz zum Schutz vor Missbrauch personenbezogener Daten bei der Datenverarbeitung (Bundesdatenschutzgesetz \u2013 BDSG). Das BDSG enth\u00e4lt insbesondere Spezialregelungen zum Recht auf Auskunft, zum Recht auf L\u00f6schung, zum Widerspruchsrecht, zur Verarbeitung besonderer Kategorien personenbezogener Daten, zur Verarbeitung f\u00fcr andere Zwecke und zur \u00dcbermittlung sowie automatisierten Entscheidungsfindung im Einzelfall einschlie\u00dflich Profiling. Ferner k\u00f6nnen Landesdatenschutzgesetze der einzelnen Bundesl\u00e4nder zur Anwendung gelangen.<\/p>\n<p><strong>Hinweis auf Geltung DSGVO und Schweizer DSG: <\/strong>Diese Datenschutzhinweise dienen sowohl der Informationserteilung nach dem Schweizer DSG als auch nach der Datenschutzgrundverordnung (DSGVO). Aus diesem Grund bitten wir Sie zu beachten, dass aufgrund der breiteren r\u00e4umlichen Anwendung und Verst\u00e4ndlichkeit die Begriffe der DSGVO verwendet werden. Insbesondere statt der im Schweizer DSG verwendeten Begriffe \u201eBearbeitung&#8220; von \u201ePersonendaten&#8220;, &#8222;\u00fcberwiegendes Interesse&#8220; und &#8222;besonders sch\u00fctzenswerte Personendaten&#8220; werden die in der DSGVO verwendeten Begriffe \u201eVerarbeitung&#8220; von \u201epersonenbezogenen Daten&#8220; sowie &#8222;berechtigtes Interesse&#8220; und &#8222;besondere Kategorien von Daten&#8220; verwendet. Die gesetzliche Bedeutung der Begriffe wird jedoch im Rahmen der Geltung des Schweizer DSG weiterhin nach dem Schweizer DSG bestimmt.<\/p>\n<h2 id=\"m12\">Allgemeine Informationen zur Datenspeicherung und L\u00f6schung<\/h2>\n<p>Wir l\u00f6schen personenbezogene Daten, die wir verarbeiten, gem\u00e4\u00df den gesetzlichen Bestimmungen, sobald die zugrundeliegenden Einwilligungen widerrufen werden oder keine weiteren rechtlichen Grundlagen f\u00fcr die Verarbeitung bestehen. Dies betrifft F\u00e4lle, in denen der urspr\u00fcngliche Verarbeitungszweck entf\u00e4llt oder die Daten nicht mehr ben\u00f6tigt werden. Ausnahmen von dieser Regelung bestehen, wenn gesetzliche Pflichten oder besondere Interessen eine l\u00e4ngere Aufbewahrung oder Archivierung der Daten erfordern.<\/p>\n<p>Insbesondere m\u00fcssen Daten, die aus handels- oder steuerrechtlichen Gr\u00fcnden aufbewahrt werden m\u00fcssen oder deren Speicherung notwendig ist zur Rechtsverfolgung oder zum Schutz der Rechte anderer nat\u00fcrlicher oder juristischer Personen, entsprechend archiviert werden.<\/p>\n<p>Unsere Datenschutzhinweise enthalten zus\u00e4tzliche Informationen zur Aufbewahrung und L\u00f6schung von Daten, die speziell f\u00fcr bestimmte Verarbeitungsprozesse gelten.<\/p>\n<p>Bei mehreren Angaben zur Aufbewahrungsdauer oder L\u00f6schungsfristen eines Datums, ist stets die l\u00e4ngste Frist ma\u00dfgeblich.<\/p>\n<p>Beginnt eine Frist nicht ausdr\u00fccklich zu einem bestimmten Datum und betr\u00e4gt sie mindestens ein Jahr, so startet sie automatisch am Ende des Kalenderjahres, in dem das fristausl\u00f6sende Ereignis eingetreten ist. Im Fall laufender Vertragsverh\u00e4ltnisse, in deren Rahmen Daten gespeichert werden, ist das fristausl\u00f6sende Ereignis der Zeitpunkt des Wirksamwerdens der K\u00fcndigung oder sonstige Beendigung des Rechtsverh\u00e4ltnisses.<\/p>\n<p>Daten, die nicht mehr f\u00fcr den urspr\u00fcnglich vorgesehenen Zweck, sondern aufgrund gesetzlicher Vorgaben oder anderer Gr\u00fcnde aufbewahrt werden, verarbeiten wir ausschlie\u00dflich zu den Gr\u00fcnden, die ihre Aufbewahrung rechtfertigen.<\/p>\n<p><strong>Weitere Hinweise zu Verarbeitungsprozessen, Verfahren und Diensten:<\/strong><\/p>\n<ul class=\"m-elements\">\n<li><strong>Aufbewahrung und L\u00f6schung von Daten: <\/strong>Die folgenden allgemeinen Fristen gelten f\u00fcr die Aufbewahrung und Archivierung nach deutschem Recht:\n<ul>\n<li>10 Jahre &#8211; Aufbewahrungsfrist f\u00fcr B\u00fccher und Aufzeichnungen, Jahresabschl\u00fcsse, Inventare, Lageberichte, Er\u00f6ffnungsbilanz sowie die zu ihrem Verst\u00e4ndnis erforderlichen Arbeitsanweisungen und sonstigen Organisationsunterlagen, Buchungsbelege und Rechnungen (\u00a7 147 Abs. 3 i. V. m. Abs. 1 Nr. 1, 4 und 4a AO, \u00a7 14b Abs. 1 UStG, \u00a7 257 Abs. 1 Nr. 1 u. 4, Abs. 4 HGB).<\/li>\n<li>6 Jahre &#8211; \u00dcbrige Gesch\u00e4ftsunterlagen: empfangene Handels- oder Gesch\u00e4ftsbriefe, Wiedergaben der abgesandten Handels- oder Gesch\u00e4ftsbriefe, sonstige Unterlagen, soweit sie f\u00fcr die Besteuerung von Bedeutung sind, z.\u00a0B. Stundenlohnzettel, Betriebsabrechnungsb\u00f6gen, Kalkulationsunterlagen, Preisauszeichnungen, aber auch Lohnabrechnungsunterlagen, soweit sie nicht bereits Buchungsbelege sind und Kassenstreifen (\u00a7 147 Abs. 3 i. V. m. Abs. 1 Nr. 2, 3, 5 AO, \u00a7 257 Abs. 1 Nr. 2 u. 3, Abs. 4 HGB).<\/li>\n<li>3 Jahre &#8211; Daten, die erforderlich sind, um potenzielle Gew\u00e4hrleistungs- und Schadensersatzanspr\u00fcche oder \u00e4hnliche vertragliche Anspr\u00fcche und Rechte zu ber\u00fccksichtigen sowie damit verbundene Anfragen zu bearbeiten, basierend auf fr\u00fcheren Gesch\u00e4ftserfahrungen und \u00fcblichen Branchenpraktiken, werden f\u00fcr die Dauer der regul\u00e4ren gesetzlichen Verj\u00e4hrungsfrist von drei Jahren gespeichert (\u00a7\u00a7 195, 199 BGB).<\/li>\n<\/ul>\n<\/li>\n<\/ul>\n<h2 id=\"m354\">Wahrnehmung von Aufgaben nach Satzung oder Gesch\u00e4ftsordnung<\/h2>\n<p>Wir verarbeiten die Daten unserer Mitglieder, Unterst\u00fctzer, Interessenten, Gesch\u00e4ftspartner oder sonstiger Personen (Zusammenfassend &#8222;Betroffene&#8220;), wenn wir mit ihnen in einem Mitgliedschafts- oder sonstigem gesch\u00e4ftlichen Verh\u00e4ltnis stehen und unsere Aufgaben wahrnehmen sowie Empf\u00e4nger von Leistungen und Zuwendungen sind. Im \u00dcbrigen verarbeiten wir die Daten Betroffener auf Grundlage unserer berechtigten Interessen, z.\u00a0B. wenn es sich um administrative Aufgaben oder \u00d6ffentlichkeitsarbeit handelt.<\/p>\n<p>Die hierbei verarbeiteten Daten, die Art, der Umfang und der Zweck und die Erforderlichkeit ihrer Verarbeitung, bestimmen sich nach dem zugrundeliegenden Mitgliedschafts- oder Vertragsverh\u00e4ltnis, aus dem sich auch die Erforderlichkeit etwaiger Datenangaben ergeben (im \u00dcbrigen weisen wir auf erforderliche Daten hin).<\/p>\n<p>Wir l\u00f6schen Daten, die zur Erbringung unserer satzungs- und gesch\u00e4ftsm\u00e4\u00dfigen Zwecke nicht mehr erforderlich sind. Dies bestimmt sich entsprechend der jeweiligen Aufgaben und vertraglichen Beziehungen. Wir bewahren die Daten so lange auf, wie sie zur Gesch\u00e4ftsabwicklung, als auch im Hinblick auf etwaige Gew\u00e4hrleistungs- oder Haftungspflichten auf Grundlage unserer berechtigten Interesse an deren Regelung relevant sein k\u00f6nnen. Die Erforderlichkeit der Aufbewahrung der Daten wird regelm\u00e4\u00dfig \u00fcberpr\u00fcft; im \u00dcbrigen gelten die gesetzlichen Aufbewahrungspflichten.<\/p>\n<ul class=\"m-elements\">\n<li><strong>Verarbeitete Datenarten:<\/strong> Bestandsdaten (z.\u00a0B. der vollst\u00e4ndige Name, Wohnadresse, Kontaktinformationen, Kundennummer, etc.); Kontaktdaten (z.\u00a0B. Post- und E-Mail-Adressen oder Telefonnummern); Vertragsdaten (z.\u00a0B. Vertragsgegenstand, Laufzeit, Kundenkategorie); Mitgliederdaten (z.B.  pers\u00f6nliche Daten wie Name, Alter, Geschlecht, Kontaktdaten (E-Mail-Adresse, Telefonnummer), Mitgliedsnummer, Informationen \u00fcber  Mitgliedsbeitr\u00e4ge, Teilnahme an Veranstaltungen, etc.); Zahlungsdaten (z.\u00a0B. Bankverbindungen, Rechnungen, Zahlungshistorie). Inhaltsdaten (z. B. textliche oder bildliche Nachrichten und Beitr\u00e4ge sowie die sie betreffenden Informationen, wie z. B. Angaben zur Autorenschaft oder Zeitpunkt der Erstellung).<\/li>\n<li><strong>Betroffene Personen:<\/strong> Mitglieder; Interessenten. Kommunikationspartner.<\/li>\n<li><strong>Zwecke der Verarbeitung:<\/strong> Kommunikation; Organisations- und Verwaltungsverfahren; \u00d6ffentlichkeitsarbeit und Informationszwecke. Gesch\u00e4ftsprozesse und betriebswirtschaftliche Verfahren.<\/li>\n<li><strong>Aufbewahrung und L\u00f6schung:<\/strong> L\u00f6schung entsprechend Angaben im Abschnitt &#8222;Allgemeine Informationen zur Datenspeicherung und L\u00f6schung&#8220;.<\/li>\n<li class=\"\"><strong>Rechtsgrundlagen:<\/strong> Berechtigte Interessen (Art. 6 Abs. 1 S. 1 lit. f) DSGVO); Vertrag \u00fcber die Mitgliedschaft (Satzung) (Art. 6 Abs. 1 S. 1 lit. b) DSGVO). Rechtliche Verpflichtung (Art. 6 Abs. 1 S. 1 lit. c) DSGVO).<\/li>\n<\/ul>\n<p><strong>Weitere Hinweise zu Verarbeitungsprozessen, Verfahren und Diensten:<\/strong><\/p>\n<ul class=\"m-elements\">\n<li><strong>Mitgliederverwaltung: <\/strong>Verfahren, die im Rahmen der Mitgliederverwaltung erforderlich sind, umfassen die Akquise und Aufnahme neuer Mitglieder, die Entwicklung und Umsetzung von Strategien zur Mitgliederbindung sowie die Sicherstellung einer effektiven Kommunikation mit den Mitgliedern. Diese Prozesse beinhalten die sorgf\u00e4ltige Erfassung und Pflege von Mitgliederdaten, die regelm\u00e4\u00dfige Aktualisierung von Mitgliedsinformationen und die Verwaltung von Mitgliedsbeitr\u00e4gen einschlie\u00dflich der Rechnungsstellung und Abrechnung; <span class=\"\"><strong>Rechtsgrundlagen:<\/strong> Berechtigte Interessen (Art. 6 Abs. 1 S. 1 lit. f) DSGVO), Vertrag \u00fcber die Mitgliedschaft (Satzung) (Art. 6 Abs. 1 S. 1 lit. b) DSGVO).<\/span><\/li>\n<li><strong>Beitragsverwaltung: <\/strong>Zu den f\u00fcr die Verwaltung der Mitgliedsbeitr\u00e4ge erforderlichen Verarbeitungst\u00e4tigkeiten geh\u00f6ren die Erfassung der Mitgliedsbeitragsdaten nach dem Beitritt eines Mitglieds, die Nachverfolgung von Mitgliedsbeitragszahlungen und die systematische Aktualisierung des Zahlungsstatus, die Durchf\u00fchrung von Zahlungstransaktionen, das Bearbeiten von Mahnungen bei \u00fcberf\u00e4lligen Zahlungen, die Kontenabstimmung im Kontext von Forderungen und Verbindlichkeiten sowie das F\u00fchren entsprechender B\u00fccher und Aufzeichnungen; <span class=\"\"><strong>Rechtsgrundlagen:<\/strong> Rechtliche Verpflichtung (Art. 6 Abs. 1 S. 1 lit. c) DSGVO), Berechtigte Interessen (Art. 6 Abs. 1 S. 1 lit. f) DSGVO), Vertrag \u00fcber die Mitgliedschaft (Satzung) (Art. 6 Abs. 1 S. 1 lit. b) DSGVO).<\/span><\/li>\n<li><strong>\u00d6ffentlichkeitsarbeit: <\/strong>Verfahren umfassen die Erstellung und Verbreitung von Informationsmaterialien, die Pflege von Kontaktdaten f\u00fcr Presse und Medienbeziehungen sowie die Organisation und Durchf\u00fchrung von Pressekonferenzen und \u00f6ffentlichen Veranstaltungen. Die Erstellung von Informationsmaterialien beinhaltet das Sammeln und Aufbereiten von Informationen f\u00fcr Pressemitteilungen, Newsletter, Berichte und andere Publikationen. Die Verbreitung erfolgt \u00fcber digitale und traditionelle Kan\u00e4le, einschlie\u00dflich E-Mail-Verteiler, Websites und soziale Medien. Die Pflege von Kontaktdaten umfasst die Erfassung und Aktualisierung von Daten der Medienkontakte und anderer relevanter Interessengruppen. Die Organisation von Pressekonferenzen und Veranstaltungen beinhaltet die Planung und Durchf\u00fchrung dieser Ereignisse, das Einladungsmanagement und die Koordination der Veranstaltungslogistik. Die Interaktion mit Medien und Interessengruppen erfolgt durch direkte Kommunikation mit Journalisten, Bloggern und anderen Meinungsf\u00fchrern, das Beantworten von Anfragen und die Bereitstellung von Informationen; <span class=\"\"><strong>Rechtsgrundlagen:<\/strong> Berechtigte Interessen (Art. 6 Abs. 1 S. 1 lit. f) DSGVO), Vertrag \u00fcber die Mitgliedschaft (Satzung) (Art. 6 Abs. 1 S. 1 lit. b) DSGVO).<\/span><\/li>\n<\/ul>\n<h2 id=\"m225\">Bereitstellung des Onlineangebots und Webhosting<\/h2>\n<p>Wir verarbeiten die Daten der Nutzer, um ihnen unsere Online-Dienste zur Verf\u00fcgung stellen zu k\u00f6nnen. Zu diesem Zweck verarbeiten wir die IP-Adresse des Nutzers, die notwendig ist, um die Inhalte und Funktionen unserer Online-Dienste an den Browser oder das Endger\u00e4t der Nutzer zu \u00fcbermitteln.<\/p>\n<ul class=\"m-elements\">\n<li><strong>Verarbeitete Datenarten:<\/strong> Nutzungsdaten (z. B. Seitenaufrufe und Verweildauer, Klickpfade, Nutzungsintensit\u00e4t und -frequenz, verwendete Ger\u00e4tetypen und Betriebssysteme, Interaktionen mit Inhalten und Funktionen); Meta-, Kommunikations- und Verfahrensdaten (z. B. IP-Adressen, Zeitangaben, Identifikationsnummern, beteiligte Personen). Protokolldaten (z.\u00a0B. Logfiles betreffend Logins oder den Abruf von Daten oder Zugriffszeiten.).<\/li>\n<li><strong>Betroffene Personen:<\/strong> Nutzer (z.\u00a0B. Webseitenbesucher, Nutzer von Onlinediensten).<\/li>\n<li><strong>Zwecke der Verarbeitung:<\/strong> Bereitstellung unseres Onlineangebotes und Nutzerfreundlichkeit. Informationstechnische Infrastruktur (Betrieb und Bereitstellung von Informationssystemen und technischen Ger\u00e4ten (Computer, Server etc.).).<\/li>\n<li><strong>Aufbewahrung und L\u00f6schung:<\/strong> L\u00f6schung entsprechend Angaben im Abschnitt &#8222;Allgemeine Informationen zur Datenspeicherung und L\u00f6schung&#8220;.<\/li>\n<li class=\"\"><strong>Rechtsgrundlagen:<\/strong> Berechtigte Interessen (Art. 6 Abs. 1 S. 1 lit. f) DSGVO).<\/li>\n<\/ul>\n<p><strong>Weitere Hinweise zu Verarbeitungsprozessen, Verfahren und Diensten:<\/strong><\/p>\n<ul class=\"m-elements\">\n<li><strong>Bereitstellung Onlineangebot auf gemietetem Speicherplatz: <\/strong>F\u00fcr die Bereitstellung unseres Onlineangebotes nutzen wir Speicherplatz, Rechenkapazit\u00e4t und Software, die wir von einem entsprechenden Serveranbieter (auch &#8222;Webhoster&#8220; genannt) mieten oder anderweitig beziehen; <span class=\"\"><strong>Rechtsgrundlagen:<\/strong> Berechtigte Interessen (Art. 6 Abs. 1 S. 1 lit. f) DSGVO).<\/span><\/li>\n<li><strong>STRATO: <\/strong>Leistungen auf dem Gebiet der Bereitstellung von informationstechnischer Infrastruktur und verbundenen Dienstleistungen (z.\u00a0B. Speicherplatz und\/oder Rechenkapazit\u00e4ten); <strong>Dienstanbieter:<\/strong> STRATO AG, Pascalstra\u00dfe 10,10587 Berlin, Deutschland; <span class=\"\"><strong>Rechtsgrundlagen:<\/strong> Berechtigte Interessen (Art. 6 Abs. 1 S. 1 lit. f) DSGVO); <\/span><strong>Website:<\/strong> <a href=\"https:\/\/www.strato.de\" target=\"_blank\" rel=\"noopener\">https:\/\/www.strato.de<\/a>; <strong>Datenschutzerkl\u00e4rung:<\/strong> <a href=\"https:\/\/www.strato.de\/datenschutz\/\" target=\"_blank\" rel=\"noopener\">https:\/\/www.strato.de\/datenschutz\/<\/a>. <strong>Auftragsverarbeitungsvertrag:<\/strong> Wird vom Dienstanbieter bereitgestellt.<\/li>\n<\/ul>\n<h2 id=\"m136\">Pr\u00e4senzen in sozialen Netzwerken (Social Media)<\/h2>\n<p>Wir unterhalten Onlinepr\u00e4senzen innerhalb sozialer Netzwerke und verarbeiten in diesem Rahmen Nutzerdaten, um mit den dort aktiven Nutzern zu kommunizieren oder Informationen \u00fcber uns anzubieten.<\/p>\n<p>Wir weisen darauf hin, dass dabei Nutzerdaten au\u00dferhalb des Raumes der Europ\u00e4ischen Union verarbeitet werden k\u00f6nnen. Hierdurch k\u00f6nnen sich f\u00fcr die Nutzer Risiken ergeben, weil so zum Beispiel die Durchsetzung der Nutzerrechte erschwert werden k\u00f6nnte.<\/p>\n<p>Ferner werden die Daten der Nutzer innerhalb sozialer Netzwerke im Regelfall f\u00fcr Marktforschungs- und Werbezwecke verarbeitet. So k\u00f6nnen beispielsweise anhand des Nutzungsverhaltens und sich daraus ergebender Interessen der Nutzer Nutzungsprofile erstellt werden. Letztere finden m\u00f6glicherweise wiederum Verwendung, um etwa Werbeanzeigen innerhalb und au\u00dferhalb der Netzwerke zu schalten, die mutma\u00dflich den Interessen der Nutzer entsprechen. Daher werden im Regelfall Cookies auf den Rechnern der Nutzer gespeichert, in denen das Nutzungsverhalten und die Interessen der Nutzer gespeichert werden. Zudem k\u00f6nnen in den Nutzungsprofilen auch Daten unabh\u00e4ngig der von den Nutzern verwendeten Ger\u00e4ten gespeichert werden (insbesondere, wenn sie Mitglieder der jeweiligen Plattformen und dort eingeloggt sind).<\/p>\n<p>F\u00fcr eine detaillierte Darstellung der jeweiligen Verarbeitungsformen und der Widerspruchsm\u00f6glichkeiten (Opt-out) verweisen wir auf die Datenschutzerkl\u00e4rungen und Angaben der Betreiber der jeweiligen Netzwerke.<\/p>\n<p>Auch im Fall von Auskunftsanfragen und der Geltendmachung von Betroffenenrechten weisen wir darauf hin, dass diese am effektivsten bei den Anbietern geltend gemacht werden k\u00f6nnen. Nur Letztere haben jeweils Zugriff auf die Nutzerdaten und k\u00f6nnen direkt entsprechende Ma\u00dfnahmen ergreifen und Ausk\u00fcnfte geben. Sollten Sie dennoch Hilfe ben\u00f6tigen, dann k\u00f6nnen Sie sich an uns wenden.<\/p>\n<ul class=\"m-elements\">\n<li><strong>Verarbeitete Datenarten:<\/strong> Kontaktdaten (z.\u00a0B. Post- und E-Mail-Adressen oder Telefonnummern); Inhaltsdaten (z. B. textliche oder bildliche Nachrichten und Beitr\u00e4ge sowie die sie betreffenden Informationen, wie z. B. Angaben zur Autorenschaft oder Zeitpunkt der Erstellung). Nutzungsdaten (z. B. Seitenaufrufe und Verweildauer, Klickpfade, Nutzungsintensit\u00e4t und -frequenz, verwendete Ger\u00e4tetypen und Betriebssysteme, Interaktionen mit Inhalten und Funktionen).<\/li>\n<li><strong>Betroffene Personen:<\/strong> Nutzer (z.\u00a0B. Webseitenbesucher, Nutzer von Onlinediensten).<\/li>\n<li><strong>Zwecke der Verarbeitung:<\/strong> Kommunikation; Feedback (z.\u00a0B. Sammeln von Feedback via Online-Formular). \u00d6ffentlichkeitsarbeit.<\/li>\n<li><strong>Aufbewahrung und L\u00f6schung:<\/strong> L\u00f6schung entsprechend Angaben im Abschnitt &#8222;Allgemeine Informationen zur Datenspeicherung und L\u00f6schung&#8220;.<\/li>\n<li class=\"\"><strong>Rechtsgrundlagen:<\/strong> Berechtigte Interessen (Art. 6 Abs. 1 S. 1 lit. f) DSGVO).<\/li>\n<\/ul>\n<p><strong>Weitere Hinweise zu Verarbeitungsprozessen, Verfahren und Diensten:<\/strong><\/p>\n<ul class=\"m-elements\">\n<li><strong>Instagram: <\/strong>Soziales Netzwerk, erm\u00f6glicht das Teilen von Fotos und Videos, das Kommentieren und Favorisieren von Beitr\u00e4gen, Nachrichtenversand, Abonnieren von Profilen und Seiten; <strong>Dienstanbieter:<\/strong> Meta Platforms Ireland Limited, Merrion Road, Dublin 4, D04 X2K5, Irland; <span class=\"\"><strong>Rechtsgrundlagen:<\/strong> Berechtigte Interessen (Art. 6 Abs. 1 S. 1 lit. f) DSGVO); <\/span><strong>Website:<\/strong> <a href=\"https:\/\/www.instagram.com\" target=\"_blank\" rel=\"noopener\">https:\/\/www.instagram.com<\/a>; <strong>Datenschutzerkl\u00e4rung:<\/strong> <a href=\"https:\/\/privacycenter.instagram.com\/policy\/\" target=\"_blank\" rel=\"noopener\">https:\/\/privacycenter.instagram.com\/policy\/<\/a>. <strong>Grundlage Drittlandtransfers:<\/strong> Data Privacy Framework (DPF).<\/li>\n<li><strong>Facebook-Seiten: <\/strong>Profile innerhalb des sozialen Netzwerks Facebook &#8211; Wir sind gemeinsam mit Meta Platforms Ireland Limited f\u00fcr die Erhebung (jedoch nicht die weitere Verarbeitung) von Daten der Besucher unserer Facebook-Seite (sog. &#8222;Fanpage&#8220;) verantwortlich. Zu diesen Daten geh\u00f6ren Informationen zu den Arten von Inhalten, die Nutzer sich ansehen oder mit denen sie interagieren, oder die von ihnen vorgenommenen Handlungen (siehe unter \u201eVon dir und anderen get\u00e4tigte und bereitgestellte Dinge&#8220; in der Facebook-Datenrichtlinie: <a href=\"https:\/\/www.facebook.com\/privacy\/policy\/\" target=\"_blank\" rel=\"noopener\">https:\/\/www.facebook.com\/privacy\/policy\/<\/a>), sowie Informationen \u00fcber die von den Nutzern genutzten Ger\u00e4te (z.\u00a0B. IP-Adressen, Betriebssystem, Browsertyp, Spracheinstellungen, Cookie-Daten; siehe unter \u201eGer\u00e4teinformationen&#8220; in der Facebook-Datenrichtlinie: <a href=\"https:\/\/www.facebook.com\/privacy\/policy\/\" target=\"_blank\" rel=\"noopener\">https:\/\/www.facebook.com\/privacy\/policy\/<\/a>). Wie in der Facebook-Datenrichtlinie unter \u201eWie verwenden wir diese Informationen?&#8220; erl\u00e4utert, erhebt und verwendet Facebook Informationen auch, um Analysedienste, so genannte &#8222;Seiten-Insights&#8220;, f\u00fcr Seitenbetreiber bereitzustellen, damit diese Erkenntnisse dar\u00fcber erhalten, wie Personen mit ihren Seiten und mit den mit ihnen verbundenen Inhalten interagieren. Wir haben mit Facebook eine spezielle Vereinbarung abgeschlossen (&#8222;Informationen zu Seiten-Insights&#8220;, <a href=\"https:\/\/www.facebook.com\/legal\/terms\/page_controller_addendum\" target=\"_blank\" rel=\"noopener\">https:\/\/www.facebook.com\/legal\/terms\/page_controller_addendum<\/a>), in der insbesondere geregelt wird, welche Sicherheitsma\u00dfnahmen Facebook beachten muss und in der Facebook sich bereit erkl\u00e4rt hat die Betroffenenrechte zu erf\u00fcllen (d.\u00a0h. Nutzer k\u00f6nnen z.\u00a0B. Ausk\u00fcnfte oder L\u00f6schungsanfragen direkt an Facebook richten). Die Rechte der Nutzer (insbesondere auf Auskunft, L\u00f6schung, Widerspruch und Beschwerde bei zust\u00e4ndiger Aufsichtsbeh\u00f6rde), werden durch die Vereinbarungen mit Facebook nicht eingeschr\u00e4nkt. Weitere Hinweise finden sich in den &#8222;Informationen zu Seiten-Insights&#8220; (<a href=\"https:\/\/www.facebook.com\/legal\/terms\/information_about_page_insights_data\" target=\"_blank\" rel=\"noopener\">https:\/\/www.facebook.com\/legal\/terms\/information_about_page_insights_data<\/a>). Die gemeinsame Verantwortlichkeit beschr\u00e4nkt sich auf die Erhebung durch und \u00dcbermittlung von Daten an Meta Platforms Ireland Limited, ein Unternehmen mit Sitz in der EU. Die weitere Verarbeitung der Daten liegt in der alleinigen Verantwortung von Meta Platforms Ireland Limited, was insbesondere die \u00dcbermittlung der Daten an die Muttergesellschaft Meta Platforms, Inc. in den USA betrifft; <strong>Dienstanbieter:<\/strong> Meta Platforms Ireland Limited, Merrion Road, Dublin 4, D04 X2K5, Irland; <span class=\"\"><strong>Rechtsgrundlagen:<\/strong> Berechtigte Interessen (Art. 6 Abs. 1 S. 1 lit. f) DSGVO); <\/span><strong>Website:<\/strong> <a href=\"https:\/\/www.facebook.com\" target=\"_blank\" rel=\"noopener\">https:\/\/www.facebook.com<\/a>; <strong>Datenschutzerkl\u00e4rung:<\/strong> <a href=\"https:\/\/www.facebook.com\/privacy\/policy\/\" target=\"_blank\" rel=\"noopener\">https:\/\/www.facebook.com\/privacy\/policy\/<\/a>. <strong>Grundlage Drittlandtransfers:<\/strong> Data Privacy Framework (DPF).<\/li>\n<\/ul>\n<h2 id=\"m328\">Plug-ins und eingebettete Funktionen sowie Inhalte<\/h2>\n<p>Wir binden Funktions- und Inhaltselemente in unser Onlineangebot ein, die von den Servern ihrer jeweiligen Anbieter (nachfolgend als \u201eDrittanbieter&#8220; bezeichnet) bezogen werden. Dabei kann es sich zum Beispiel um Grafiken, Videos oder Stadtpl\u00e4ne handeln (nachfolgend einheitlich als \u201eInhalte&#8220; bezeichnet).<\/p>\n<p>Die Einbindung setzt immer voraus, dass die Drittanbieter dieser Inhalte die IP-Adresse der Nutzer verarbeiten, da sie ohne IP-Adresse die Inhalte nicht an deren Browser senden k\u00f6nnten. Die IP-Adresse ist damit f\u00fcr die Darstellung dieser Inhalte oder Funktionen erforderlich. Wir bem\u00fchen uns, nur solche Inhalte zu verwenden, deren jeweilige Anbieter die IP-Adresse lediglich zur Auslieferung der Inhalte anzuwenden. Drittanbieter k\u00f6nnen ferner sogenannte Pixel-Tags (unsichtbare Grafiken, auch als \u201eWeb Beacons&#8220; bezeichnet) f\u00fcr statistische oder Marketingzwecke einsetzen. Durch die \u201ePixel-Tags&#8220; k\u00f6nnen Informationen, wie etwa der Besucherverkehr auf den Seiten dieser Website, ausgewertet werden. Die pseudonymen Informationen k\u00f6nnen dar\u00fcber hinaus in Cookies auf dem Ger\u00e4t der Nutzer gespeichert werden und unter anderem technische Ausk\u00fcnfte zum Browser und zum Betriebssystem, zu verweisenden Websites, zur Besuchszeit sowie weitere Angaben zur Nutzung unseres Onlineangebots enthalten, aber auch mit solchen Informationen aus anderen Quellen verbunden werden.<\/p>\n<p><strong>Hinweise zu Rechtsgrundlagen:<\/strong> Sofern wir die Nutzer um ihre Einwilligung in den Einsatz der Drittanbieter bitten, stellt die Rechtsgrundlage der Datenverarbeitung die Erlaubnis dar. Ansonsten werden die Nutzerdaten auf Grundlage unserer berechtigten Interessen (d. h. Interesse an effizienten, wirtschaftlichen und empf\u00e4ngerfreundlichen Leistungen) verarbeitet. In diesem Zusammenhang m\u00f6chten wir Sie auch auf die Informationen zur Verwendung von Cookies in dieser Datenschutzerkl\u00e4rung hinweisen.<\/p>\n<ul class=\"m-elements\">\n<li><strong>Verarbeitete Datenarten:<\/strong> Nutzungsdaten (z. B. Seitenaufrufe und Verweildauer, Klickpfade, Nutzungsintensit\u00e4t und -frequenz, verwendete Ger\u00e4tetypen und Betriebssysteme, Interaktionen mit Inhalten und Funktionen). Meta-, Kommunikations- und Verfahrensdaten (z. B. IP-Adressen, Zeitangaben, Identifikationsnummern, beteiligte Personen).<\/li>\n<li><strong>Betroffene Personen:<\/strong> Nutzer (z.\u00a0B. Webseitenbesucher, Nutzer von Onlinediensten).<\/li>\n<li><strong>Zwecke der Verarbeitung:<\/strong> Bereitstellung unseres Onlineangebotes und Nutzerfreundlichkeit.<\/li>\n<li><strong>Aufbewahrung und L\u00f6schung:<\/strong> L\u00f6schung entsprechend Angaben im Abschnitt &#8222;Allgemeine Informationen zur Datenspeicherung und L\u00f6schung&#8220;. Speicherung von Cookies von bis zu 2 Jahren (Sofern nicht anders angegeben, k\u00f6nnen Cookies und \u00e4hnliche Speichermethoden f\u00fcr einen Zeitraum von zwei Jahren auf den Ger\u00e4ten der Nutzer gespeichert werden.).<\/li>\n<li class=\"\"><strong>Rechtsgrundlagen:<\/strong> Einwilligung (Art. 6 Abs. 1 S. 1 lit. a) DSGVO). Berechtigte Interessen (Art. 6 Abs. 1 S. 1 lit. f) DSGVO).<\/li>\n<\/ul>\n<p><strong>Weitere Hinweise zu Verarbeitungsprozessen, Verfahren und Diensten:<\/strong><\/p>\n<ul class=\"m-elements\">\n<li><strong>Google Fonts (Bezug vom Google Server): <\/strong>Bezug von Schriften (und Symbolen) zum Zwecke einer technisch sicheren, wartungsfreien und effizienten Nutzung von Schriften und Symbolen im Hinblick auf Aktualit\u00e4t und Ladezeiten, deren einheitliche Darstellung und Ber\u00fccksichtigung m\u00f6glicher lizenzrechtlicher Beschr\u00e4nkungen. Dem Anbieter der Schriftarten wird die IP-Adresse des Nutzers mitgeteilt, damit die Schriftarten im Browser des Nutzers zur Verf\u00fcgung gestellt werden k\u00f6nnen. Dar\u00fcber hinaus werden technische Daten (Spracheinstellungen, Bildschirmaufl\u00f6sung, Betriebssystem, verwendete Hardware) \u00fcbermittelt, die f\u00fcr die Bereitstellung der Schriften in Abh\u00e4ngigkeit von den verwendeten Ger\u00e4ten und der technischen Umgebung notwendig sind. Diese Daten k\u00f6nnen auf einem Server des Anbieters der Schriftarten in den USA verarbeitet werden &#8211; Beim Besuch unseres Onlineangebotes senden die Browser der Nutzer ihre Browser HTTP-Anfragen an die Google Fonts Web API (d.\u00a0h. eine Softwareschnittstelle f\u00fcr den Abruf der Schriftarten). Die Google Fonts Web API stellt den Nutzern die Cascading Style Sheets (CSS) von Google Fonts und danach die in der CCS angegebenen Schriftarten zur Verf\u00fcgung. Zu diesen HTTP-Anfragen geh\u00f6ren (1) die vom jeweiligen Nutzer f\u00fcr den Zugriff auf das Internet verwendete IP-Adresse, (2) die angeforderte URL auf dem Google-Server und (3) die HTTP-Header, einschlie\u00dflich des User-Agents, der die Browser- und Betriebssystemversionen der Websitebesucher beschreibt, sowie die Verweis-URL (d.\u00a0h. die Webseite, auf der die Google-Schriftart angezeigt werden soll). IP-Adressen werden weder auf Google-Servern protokolliert noch gespeichert und sie werden nicht analysiert. Die Google Fonts Web API protokolliert Details der HTTP-Anfragen (angeforderte URL, User-Agent und Verweis-URL). Der Zugriff auf diese Daten ist eingeschr\u00e4nkt und streng kontrolliert. Die angeforderte URL identifiziert die Schriftfamilien, f\u00fcr die der Nutzer Schriftarten laden m\u00f6chte. Diese Daten werden protokolliert, damit Google bestimmen kann, wie oft eine bestimmte Schriftfamilie angefordert wird. Bei der Google Fonts Web API muss der User-Agent die Schriftart anpassen, die f\u00fcr den jeweiligen Browsertyp generiert wird. Der User-Agent wird in erster Linie zum Debugging protokolliert und verwendet, um aggregierte Nutzungsstatistiken zu generieren, mit denen die Beliebtheit von Schriftfamilien gemessen wird. Diese zusammengefassten Nutzungsstatistiken werden auf der Seite \u201eAnalysen&#8220; von Google Fonts ver\u00f6ffentlicht. Schlie\u00dflich wird die Verweis-URL protokolliert, sodass die Daten f\u00fcr die Wartung der Produktion verwendet und ein aggregierter Bericht zu den Top-Integrationen basierend auf der Anzahl der Schriftartenanfragen generiert werden kann. Google verwendet laut eigener Auskunft keine der von Google Fonts erfassten Informationen, um Profile von Endnutzern zu erstellen oder zielgerichtete Anzeigen zu schalten; <strong>Dienstanbieter:<\/strong> Google Ireland Limited, Gordon House, Barrow Street, Dublin 4, Irland; <span class=\"\"><strong>Rechtsgrundlagen:<\/strong> Berechtigte Interessen (Art. 6 Abs. 1 S. 1 lit. f) DSGVO); <\/span><strong>Website:<\/strong> <a href=\"https:\/\/fonts.google.com\/\" target=\"_blank\" rel=\"noopener\">https:\/\/fonts.google.com\/<\/a>; <strong>Datenschutzerkl\u00e4rung:<\/strong> <a href=\"https:\/\/policies.google.com\/privacy\" target=\"_blank\" rel=\"noopener\">https:\/\/policies.google.com\/privacy<\/a>; <strong>Grundlage Drittlandtransfers:<\/strong> Data Privacy Framework (DPF). <strong>Weitere Informationen:<\/strong> <a href=\"https:\/\/developers.google.com\/fonts\/faq\/privacy?hl=de\" target=\"_blank\" rel=\"noopener\">https:\/\/developers.google.com\/fonts\/faq\/privacy?hl=de<\/a>.<\/li>\n<\/ul>\n<p class=\"seal\"><a href=\"https:\/\/datenschutz-generator.de\/\" title=\"Rechtstext von Dr. Schwenke - f\u00fcr weitere Informationen bitte anklicken.\" target=\"_blank\" rel=\"noopener noreferrer nofollow\">Erstellt mit kostenlosem Datenschutz-Generator.de von Dr. Thomas Schwenke<\/a><\/p>\n","protected":false},"excerpt":{"rendered":"<p>Datenschutzerkl\u00e4rung Pr\u00e4ambel Mit der folgenden Datenschutzerkl\u00e4rung m\u00f6chten wir Sie dar\u00fcber aufkl\u00e4ren, welche Arten Ihrer personenbezogenen Daten (nachfolgend auch kurz als &#8222;Daten&#8220; bezeichnet) wir zu welchen Zwecken und in welchem Umfang verarbeiten. Die Datenschutzerkl\u00e4rung gilt f\u00fcr alle von uns durchgef\u00fchrten Verarbeitungen personenbezogener Daten, sowohl im Rahmen der Erbringung unserer Leistungen als auch insbesondere auf unseren Webseiten, [&hellip;]<\/p>\n","protected":false},"author":1,"featured_media":0,"parent":0,"menu_order":0,"comment_status":"closed","ping_status":"open","template":"","meta":{"footnotes":""},"class_list":["post-3","page","type-page","status-publish","hentry"],"_links":{"self":[{"href":"https:\/\/www.gutheiligenfelde.de\/wordpress\/wp-json\/wp\/v2\/pages\/3","targetHints":{"allow":["GET"]}}],"collection":[{"href":"https:\/\/www.gutheiligenfelde.de\/wordpress\/wp-json\/wp\/v2\/pages"}],"about":[{"href":"https:\/\/www.gutheiligenfelde.de\/wordpress\/wp-json\/wp\/v2\/types\/page"}],"author":[{"embeddable":true,"href":"https:\/\/www.gutheiligenfelde.de\/wordpress\/wp-json\/wp\/v2\/users\/1"}],"replies":[{"embeddable":true,"href":"https:\/\/www.gutheiligenfelde.de\/wordpress\/wp-json\/wp\/v2\/comments?post=3"}],"version-history":[{"count":3,"href":"https:\/\/www.gutheiligenfelde.de\/wordpress\/wp-json\/wp\/v2\/pages\/3\/revisions"}],"predecessor-version":[{"id":115,"href":"https:\/\/www.gutheiligenfelde.de\/wordpress\/wp-json\/wp\/v2\/pages\/3\/revisions\/115"}],"wp:attachment":[{"href":"https:\/\/www.gutheiligenfelde.de\/wordpress\/wp-json\/wp\/v2\/media?parent=3"}],"curies":[{"name":"wp","href":"https:\/\/api.w.org\/{rel}","templated":true}]}}